{"id":16978,"date":"2025-10-09T14:41:44","date_gmt":"2025-10-09T18:41:44","guid":{"rendered":"https:\/\/nichi.ca\/nichis-first-annual-awards-gala\/"},"modified":"2025-10-09T17:29:39","modified_gmt":"2025-10-09T21:29:39","slug":"gala-de-remise-des-prix-nichi","status":"publish","type":"page","link":"https:\/\/nichi.ca\/fr\/gala-de-remise-des-prix-nichi\/","title":{"rendered":"Gala de remise des prix NICHI"},"content":{"rendered":"\n<h1>\n\t\t\t\t<\/h1>\n\t<h3>Gala de remise des prix 2025 :<\/h3>\n<p>NICHI a organis\u00e9 une r\u00e9ception pr\u00e9-gala, \u00e0 laquelle tous les d\u00e9put\u00e9s \u00e9taient invit\u00e9s. Quelques-uns\u00a0se sont joints aux membres de NICHI et ont profit\u00e9 de l&rsquo;occasion pour en savoir plus sur eux. L&rsquo;\u00e9coute attentive et les \u00e9changes informels\u00a0ont ensuite fait place au gala. Trois prix nationaux ont \u00e9t\u00e9 d\u00e9cern\u00e9s \u00e0 des laur\u00e9ats m\u00e9ritants s\u00e9lectionn\u00e9s par NICHI. \u00c0 compter de 2026, les s\u00e9lections et distinctions \u00e0 venir seront \u00e9tablies gr\u00e2ce \u00e0 un processus plus vaste de nomination et de s\u00e9lection par les membres.<\/p>\n\t<h4>Prix d&rsquo;excellence en mati\u00e8re de logements g\u00e9r\u00e9s par la communaut\u00e9<\/h4>\n<p><strong>Objectif\u00a0:<\/strong><strong>\u00a0<\/strong>Honorer un fournisseur de logements\u00a0autochtones\u00a0qui a d\u00e9montr\u00e9 un leadership remarquable en offrant des solutions de logement qui tiennent compte de la culture et qui sont inclusives et appropri\u00e9es.<\/p>\n<p><strong>C<\/strong><strong>rit\u00e8re<\/strong><strong>s<\/strong><strong>\u00a0: <\/strong>Fourniture de logements qui incarnent\u00a0des valeurs communautaires et\u00a0des modes de connaissance autochtones.<\/p>\n<p>Preuve de l&rsquo;engagement de la communaut\u00e9 dans la conception et la mise en \u0153uvre.<\/p>\n<p>Succ\u00e8s dans la mise en place de logements, de mesures d&rsquo;accompagnement ou de gestion par les locataires.<\/p>\n<p>R\u00e9sultats tangibles et quantifiables.<\/p>\n<p><strong>Prix d\u00e9cern\u00e9 \u00e0<\/strong>\u00a0:<\/p>\n\t\t\t\t<img decoding=\"async\" src=\"https:\/\/nichi.ca\/wp-content\/uploads\/2025\/10\/image-2025-10-03T103346.024.png\" alt=\"image - 2025-10-03T103346.024\" itemprop=\"image\" height=\"576\" width=\"1024\" title=\"image - 2025-10-03T103346.024\" onerror=\"this.style.display='none'\" loading=\"lazy\" \/>\n\t<p>YMTH offre des logements de transition aux m\u00e8res \u00e2g\u00e9es de 18 \u00e0 25\u00a0ans qui sont sans abri ou qui risquent de le devenir. Ces m\u00e8res peuvent avoir des liens\u00a0ou non avec le minist\u00e8re du D\u00e9veloppement de l&rsquo;enfance et de la famille de la Colombie-Britannique. Le soutien offert concerne entre autres la recherche de logement, la r\u00e9daction de curriculum vitae, la recherche d&#8217;emploi, la mise en relation avec des ressources communautaires, le d\u00e9p\u00f4t de candidatures, le d\u00e9veloppement des comp\u00e9tences parentales et des aptitudes \u00e0 la vie quotidienne, l&rsquo;alimentation et les saines habitudes de vie, les liens culturels et la transition vers un logement autonome avec un accompagnement continu gr\u00e2ce \u00e0 notre programme de sensibilisation.<\/p>\n\t<h4>Prix \u00ab\u00a0Transformation dans le logement autochtone\u00a0\u00bb<\/h4>\n<p><strong>Objectif\u00a0:<\/strong><strong>\u00a0<\/strong>Reconna\u00eetre les id\u00e9es nouvelles et transformatrices ou\u00a0les pratiques en mati\u00e8re de logement autochtone.<\/p>\n<p><strong>C<\/strong><strong>rit\u00e8re<\/strong><strong>s<\/strong><strong>\u00a0: <\/strong>Innovation en mati\u00e8re de conception, de mat\u00e9riaux, de financement, de mod\u00e8les de services ou de gouvernance.<\/p>\n<p>Capacit\u00e9 av\u00e9r\u00e9e \u00e0 relever les d\u00e9fis de mani\u00e8re novatrice.<\/p>\n<p>Adaptation culturelle et possibilit\u00e9 d&rsquo;\u00e9volution.<\/p>\n<p>Int\u00e9r\u00eats \u00e9vidents pour la communaut\u00e9 et transf\u00e9rabilit\u00e9.<\/p>\n<p><strong>Prix d\u00e9cern\u00e9 \u00e0<\/strong>\u00a0:<\/p>\n\t\t\t\t<img decoding=\"async\" src=\"https:\/\/nichi.ca\/wp-content\/uploads\/2025\/10\/image-2025-10-03T103349.593.png\" alt=\"image - 2025-10-03T103349.593\" itemprop=\"image\" height=\"576\" width=\"1024\" title=\"image - 2025-10-03T103349.593\" onerror=\"this.style.display='none'\" loading=\"lazy\" \/>\n\t<h4>Prix \u00ab\u00a0Legs en mati\u00e8re de logement autochtone pour les sept g\u00e9n\u00e9rations\u00a0\u00bb<\/h4>\n<p><strong>Objectif<\/strong><strong>\u00a0:<\/strong>\u00a0Honorer l&rsquo;engagement de tous les jours\u00a0envers le logement autochtone.<\/p>\n<p><strong>C<\/strong><strong>rit\u00e8re<\/strong><strong>s<\/strong><strong>\u00a0: <\/strong>Au moins 20\u00a0ans d&rsquo;exp\u00e9rience dans le secteur du logement autochtone (n&rsquo;importe quelle r\u00e9gion et n&rsquo;importe quel type de logement).<\/p>\n<p>R\u00e9sultats concrets\u00a0et durables sur les politiques de logement pour les Autochtones, la fourniture de logements, l&rsquo;innovation ou la d\u00e9fense des droits.<\/p>\n<p>Reconnaissance comme\u00a0mentor, comme A\u00een\u00e9 ou A\u00een\u00e9e ou comme leader\u00a0dans le domaine.<\/p>\n<p>D\u00e9monstration d&rsquo;une humilit\u00e9 culturelle et d&rsquo;une responsabilit\u00e9 envers les communaut\u00e9s autochtones.<\/p>\n<p><strong>Prix d\u00e9cern\u00e9 \u00e0<\/strong>\u00a0:<\/p>\n\t\t\t\t<img decoding=\"async\" src=\"https:\/\/nichi.ca\/wp-content\/uploads\/2025\/10\/image-2025-10-03T103351.878.png\" alt=\"image - 2025-10-03T103351.878\" itemprop=\"image\" height=\"576\" width=\"1024\" title=\"image - 2025-10-03T103351.878\" onerror=\"this.style.display='none'\" loading=\"lazy\" \/>\n\t<p>Marcel a dirig\u00e9\u00a0Lu&rsquo;ma\u00a0pendant\u00a0plus de 30\u00a0ans.\u00a0Il a contribu\u00e9 \u00e0 la constitution du portefeuille actuel de 15\u00a0projets immobiliers comptant pr\u00e8s de 300\u00a0logements et dont la valeur marchande d\u00e9passe 40\u00a0millions de dollars.<\/p>\n<p>Sous sa direction, Marcel a encourag\u00e9 l&rsquo;innovation et\u00a0la cr\u00e9ativit\u00e9 pour travailler avec des publics\u00a0divers et des\u00a0partenaires priv\u00e9s. Il a contribu\u00e9 \u00e0 l&rsquo;\u00e9tablissement de partenariats qui ont permis l&rsquo;\u00e9mergence de m\u00e9thodes durables pour la construction et la gestion\u00a0de projets de logements\u00a0destin\u00e9s aux\u00a0Autochtones.<\/p>\n\n","protected":false},"excerpt":{"rendered":"<p>Gala de remise des prix 2025 : NICHI a organis\u00e9 une r\u00e9ception pr\u00e9-gala, \u00e0 laquelle tous les d\u00e9put\u00e9s \u00e9taient invit\u00e9s. Quelques-uns\u00a0se sont joints aux membres de NICHI et ont profit\u00e9&hellip;<\/p>\n","protected":false},"author":7,"featured_media":0,"parent":0,"menu_order":0,"comment_status":"closed","ping_status":"closed","template":"","meta":{"_acf_changed":false,"_monsterinsights_skip_tracking":false,"_monsterinsights_sitenote_active":false,"_monsterinsights_sitenote_note":"","_monsterinsights_sitenote_category":0,"footnotes":"","_links_to":"","_links_to_target":""},"class_list":["post-16978","page","type-page","status-publish","hentry"],"acf":[],"yoast_head":"<!-- This site is optimized with the Yoast SEO plugin v27.4 - https:\/\/yoast.com\/product\/yoast-seo-wordpress\/ -->\n<title>Gala de remise des prix NICHI - NICHI<\/title>\n<meta name=\"description\" content=\"Gala de remise des prix 2025 : NICHI a organis\u00e9 une r\u00e9ception pr\u00e9-gala, \u00e0 laquelle tous les d\u00e9put\u00e9s \u00e9taient invit\u00e9s. Quelques-uns\u00a0se sont joints aux\" \/>\n<meta name=\"robots\" content=\"index, follow, max-snippet:-1, max-image-preview:large, max-video-preview:-1\" \/>\n<link rel=\"canonical\" href=\"https:\/\/nichi.ca\/fr\/gala-de-remise-des-prix-nichi\/\" \/>\n<meta property=\"og:locale\" content=\"fr_FR\" \/>\n<meta property=\"og:type\" content=\"article\" \/>\n<meta property=\"og:title\" content=\"Gala de remise des prix NICHI - NICHI\" \/>\n<meta property=\"og:description\" content=\"Gala de remise des prix 2025 : NICHI a organis\u00e9 une r\u00e9ception pr\u00e9-gala, \u00e0 laquelle tous les d\u00e9put\u00e9s \u00e9taient invit\u00e9s. Quelques-uns\u00a0se sont joints aux\" \/>\n<meta property=\"og:url\" content=\"https:\/\/nichi.ca\/fr\/gala-de-remise-des-prix-nichi\/\" \/>\n<meta property=\"og:site_name\" content=\"NICHI\" \/>\n<meta property=\"article:modified_time\" content=\"2025-10-09T21:29:39+00:00\" \/>\n<meta property=\"og:image\" content=\"https:\/\/nichi.ca\/wp-content\/uploads\/2025\/10\/image-2025-10-03T103346.024.png\" \/>\n<meta name=\"twitter:card\" content=\"summary_large_image\" \/>\n<meta name=\"twitter:label1\" content=\"Dur\u00e9e de lecture estim\u00e9e\" \/>\n\t<meta name=\"twitter:data1\" content=\"4 minutes\" \/>\n<script type=\"application\/ld+json\" class=\"yoast-schema-graph\">{\"@context\":\"https:\\\/\\\/schema.org\",\"@graph\":[{\"@type\":\"WebPage\",\"@id\":\"https:\\\/\\\/nichi.ca\\\/fr\\\/gala-de-remise-des-prix-nichi\\\/\",\"url\":\"https:\\\/\\\/nichi.ca\\\/fr\\\/gala-de-remise-des-prix-nichi\\\/\",\"name\":\"Gala de remise des prix NICHI - NICHI\",\"isPartOf\":{\"@id\":\"https:\\\/\\\/nichi.ca\\\/fr\\\/#website\"},\"primaryImageOfPage\":{\"@id\":\"https:\\\/\\\/nichi.ca\\\/fr\\\/gala-de-remise-des-prix-nichi\\\/#primaryimage\"},\"image\":{\"@id\":\"https:\\\/\\\/nichi.ca\\\/fr\\\/gala-de-remise-des-prix-nichi\\\/#primaryimage\"},\"thumbnailUrl\":\"https:\\\/\\\/nichi.ca\\\/wp-content\\\/uploads\\\/2025\\\/10\\\/image-2025-10-03T103346.024.png\",\"datePublished\":\"2025-10-09T18:41:44+00:00\",\"dateModified\":\"2025-10-09T21:29:39+00:00\",\"description\":\"Gala de remise des prix 2025 : NICHI a organis\u00e9 une r\u00e9ception pr\u00e9-gala, \u00e0 laquelle tous les d\u00e9put\u00e9s \u00e9taient invit\u00e9s. Quelques-uns\u00a0se sont joints aux\",\"breadcrumb\":{\"@id\":\"https:\\\/\\\/nichi.ca\\\/fr\\\/gala-de-remise-des-prix-nichi\\\/#breadcrumb\"},\"inLanguage\":\"fr-FR\",\"potentialAction\":[{\"@type\":\"ReadAction\",\"target\":[\"https:\\\/\\\/nichi.ca\\\/fr\\\/gala-de-remise-des-prix-nichi\\\/\"]}]},{\"@type\":\"ImageObject\",\"inLanguage\":\"fr-FR\",\"@id\":\"https:\\\/\\\/nichi.ca\\\/fr\\\/gala-de-remise-des-prix-nichi\\\/#primaryimage\",\"url\":\"https:\\\/\\\/nichi.ca\\\/wp-content\\\/uploads\\\/2025\\\/10\\\/image-2025-10-03T103346.024.png\",\"contentUrl\":\"https:\\\/\\\/nichi.ca\\\/wp-content\\\/uploads\\\/2025\\\/10\\\/image-2025-10-03T103346.024.png\"},{\"@type\":\"BreadcrumbList\",\"@id\":\"https:\\\/\\\/nichi.ca\\\/fr\\\/gala-de-remise-des-prix-nichi\\\/#breadcrumb\",\"itemListElement\":[{\"@type\":\"ListItem\",\"position\":1,\"name\":\"Home\",\"item\":\"https:\\\/\\\/nichi.ca\\\/fr\\\/\"},{\"@type\":\"ListItem\",\"position\":2,\"name\":\"Gala de remise des prix NICHI\"}]},{\"@type\":\"WebSite\",\"@id\":\"https:\\\/\\\/nichi.ca\\\/fr\\\/#website\",\"url\":\"https:\\\/\\\/nichi.ca\\\/fr\\\/\",\"name\":\"NICHI\",\"description\":\"National Indigenous Collaborative Housing Incorporated\",\"potentialAction\":[{\"@type\":\"SearchAction\",\"target\":{\"@type\":\"EntryPoint\",\"urlTemplate\":\"https:\\\/\\\/nichi.ca\\\/fr\\\/?s={search_term_string}\"},\"query-input\":{\"@type\":\"PropertyValueSpecification\",\"valueRequired\":true,\"valueName\":\"search_term_string\"}}],\"inLanguage\":\"fr-FR\"}]}<\/script>\n<!-- \/ Yoast SEO plugin. -->","yoast_head_json":{"title":"Gala de remise des prix NICHI - NICHI","description":"Gala de remise des prix 2025 : NICHI a organis\u00e9 une r\u00e9ception pr\u00e9-gala, \u00e0 laquelle tous les d\u00e9put\u00e9s \u00e9taient invit\u00e9s. Quelques-uns\u00a0se sont joints aux","robots":{"index":"index","follow":"follow","max-snippet":"max-snippet:-1","max-image-preview":"max-image-preview:large","max-video-preview":"max-video-preview:-1"},"canonical":"https:\/\/nichi.ca\/fr\/gala-de-remise-des-prix-nichi\/","og_locale":"fr_FR","og_type":"article","og_title":"Gala de remise des prix NICHI - NICHI","og_description":"Gala de remise des prix 2025 : NICHI a organis\u00e9 une r\u00e9ception pr\u00e9-gala, \u00e0 laquelle tous les d\u00e9put\u00e9s \u00e9taient invit\u00e9s. Quelques-uns\u00a0se sont joints aux","og_url":"https:\/\/nichi.ca\/fr\/gala-de-remise-des-prix-nichi\/","og_site_name":"NICHI","article_modified_time":"2025-10-09T21:29:39+00:00","og_image":[{"url":"https:\/\/nichi.ca\/wp-content\/uploads\/2025\/10\/image-2025-10-03T103346.024.png","type":"","width":"","height":""}],"twitter_card":"summary_large_image","twitter_misc":{"Dur\u00e9e de lecture estim\u00e9e":"4 minutes"},"schema":{"@context":"https:\/\/schema.org","@graph":[{"@type":"WebPage","@id":"https:\/\/nichi.ca\/fr\/gala-de-remise-des-prix-nichi\/","url":"https:\/\/nichi.ca\/fr\/gala-de-remise-des-prix-nichi\/","name":"Gala de remise des prix NICHI - NICHI","isPartOf":{"@id":"https:\/\/nichi.ca\/fr\/#website"},"primaryImageOfPage":{"@id":"https:\/\/nichi.ca\/fr\/gala-de-remise-des-prix-nichi\/#primaryimage"},"image":{"@id":"https:\/\/nichi.ca\/fr\/gala-de-remise-des-prix-nichi\/#primaryimage"},"thumbnailUrl":"https:\/\/nichi.ca\/wp-content\/uploads\/2025\/10\/image-2025-10-03T103346.024.png","datePublished":"2025-10-09T18:41:44+00:00","dateModified":"2025-10-09T21:29:39+00:00","description":"Gala de remise des prix 2025 : NICHI a organis\u00e9 une r\u00e9ception pr\u00e9-gala, \u00e0 laquelle tous les d\u00e9put\u00e9s \u00e9taient invit\u00e9s. Quelques-uns\u00a0se sont joints aux","breadcrumb":{"@id":"https:\/\/nichi.ca\/fr\/gala-de-remise-des-prix-nichi\/#breadcrumb"},"inLanguage":"fr-FR","potentialAction":[{"@type":"ReadAction","target":["https:\/\/nichi.ca\/fr\/gala-de-remise-des-prix-nichi\/"]}]},{"@type":"ImageObject","inLanguage":"fr-FR","@id":"https:\/\/nichi.ca\/fr\/gala-de-remise-des-prix-nichi\/#primaryimage","url":"https:\/\/nichi.ca\/wp-content\/uploads\/2025\/10\/image-2025-10-03T103346.024.png","contentUrl":"https:\/\/nichi.ca\/wp-content\/uploads\/2025\/10\/image-2025-10-03T103346.024.png"},{"@type":"BreadcrumbList","@id":"https:\/\/nichi.ca\/fr\/gala-de-remise-des-prix-nichi\/#breadcrumb","itemListElement":[{"@type":"ListItem","position":1,"name":"Home","item":"https:\/\/nichi.ca\/fr\/"},{"@type":"ListItem","position":2,"name":"Gala de remise des prix NICHI"}]},{"@type":"WebSite","@id":"https:\/\/nichi.ca\/fr\/#website","url":"https:\/\/nichi.ca\/fr\/","name":"NICHI","description":"National Indigenous Collaborative Housing Incorporated","potentialAction":[{"@type":"SearchAction","target":{"@type":"EntryPoint","urlTemplate":"https:\/\/nichi.ca\/fr\/?s={search_term_string}"},"query-input":{"@type":"PropertyValueSpecification","valueRequired":true,"valueName":"search_term_string"}}],"inLanguage":"fr-FR"}]}},"_links":{"self":[{"href":"https:\/\/nichi.ca\/fr\/wp-json\/wp\/v2\/pages\/16978","targetHints":{"allow":["GET"]}}],"collection":[{"href":"https:\/\/nichi.ca\/fr\/wp-json\/wp\/v2\/pages"}],"about":[{"href":"https:\/\/nichi.ca\/fr\/wp-json\/wp\/v2\/types\/page"}],"author":[{"embeddable":true,"href":"https:\/\/nichi.ca\/fr\/wp-json\/wp\/v2\/users\/7"}],"replies":[{"embeddable":true,"href":"https:\/\/nichi.ca\/fr\/wp-json\/wp\/v2\/comments?post=16978"}],"version-history":[{"count":0,"href":"https:\/\/nichi.ca\/fr\/wp-json\/wp\/v2\/pages\/16978\/revisions"}],"wp:attachment":[{"href":"https:\/\/nichi.ca\/fr\/wp-json\/wp\/v2\/media?parent=16978"}],"curies":[{"name":"wp","href":"https:\/\/api.w.org\/{rel}","templated":true}]}}